{"version":"1.0","provider_name":"CPV Providencia","provider_url":"https:\/\/cpvprovidencia.cl\/en","title":"Comit\u00e9 de Buena Convivencia - CPV Providencia","type":"rich","width":600,"height":338,"html":"<blockquote class=\"wp-embedded-content\" data-secret=\"UkrDMWq0Rd\"><a href=\"https:\/\/cpvprovidencia.cl\/en\/comite-de-buena-convivencia\/\">Comit\u00e9 de Buena Convivencia<\/a><\/blockquote><iframe sandbox=\"allow-scripts\" security=\"restricted\" src=\"https:\/\/cpvprovidencia.cl\/en\/comite-de-buena-convivencia\/embed\/#?secret=UkrDMWq0Rd\" width=\"600\" height=\"338\" title=\"&#8220;Comit\u00e9 de Buena Convivencia&#8221; &#8212; CPV Providencia\" data-secret=\"UkrDMWq0Rd\" frameborder=\"0\" marginwidth=\"0\" marginheight=\"0\" scrolling=\"no\" class=\"wp-embedded-content\"><\/iframe><script>\n\/*! This file is auto-generated *\/\n!function(d,l){\"use strict\";l.querySelector&&d.addEventListener&&\"undefined\"!=typeof URL&&(d.wp=d.wp||{},d.wp.receiveEmbedMessage||(d.wp.receiveEmbedMessage=function(e){var t=e.data;if((t||t.secret||t.message||t.value)&&!\/[^a-zA-Z0-9]\/.test(t.secret)){for(var s,r,n,a=l.querySelectorAll('iframe[data-secret=\"'+t.secret+'\"]'),o=l.querySelectorAll('blockquote[data-secret=\"'+t.secret+'\"]'),c=new RegExp(\"^https?:$\",\"i\"),i=0;i<o.length;i++)o[i].style.display=\"none\";for(i=0;i<a.length;i++)s=a[i],e.source===s.contentWindow&&(s.removeAttribute(\"style\"),\"height\"===t.message?(1e3<(r=parseInt(t.value,10))?r=1e3:~~r<200&&(r=200),s.height=r):\"link\"===t.message&&(r=new URL(s.getAttribute(\"src\")),n=new URL(t.value),c.test(n.protocol))&&n.host===r.host&&l.activeElement===s&&(d.top.location.href=t.value))}},d.addEventListener(\"message\",d.wp.receiveEmbedMessage,!1),l.addEventListener(\"DOMContentLoaded\",function(){for(var e,t,s=l.querySelectorAll(\"iframe.wp-embedded-content\"),r=0;r<s.length;r++)(t=(e=s[r]).getAttribute(\"data-secret\"))||(t=Math.random().toString(36).substring(2,12),e.src+=\"#?secret=\"+t,e.setAttribute(\"data-secret\",t)),e.contentWindow.postMessage({message:\"ready\",secret:t},\"*\")},!1)))}(window,document);\n\/\/# sourceURL=https:\/\/cpvprovidencia.cl\/wp-includes\/js\/wp-embed.min.js\n<\/script>","thumbnail_url":"https:\/\/cpvprovidencia.cl\/wp-content\/uploads\/2024\/09\/65.-Comite-de-Buena-Convivencia-min.png","thumbnail_width":1024,"thumbnail_height":1024,"description":"En este segundo semestre, el Comit\u00e9 de Buena Convivencia Escolar se reuni\u00f3 nuevamente con sus integrantes el 29 de agosto .&nbsp; En esta ocasi\u00f3n, Carolina Morales, Directora del CPA; Yarely G\u00f3mez, psicopedagoga de Senior School;&nbsp; Mar\u00eda Eduarda P\u00e1ez, psicopedagoga de Early Years School; Francisca Lobos, profesora de Middle School; Carla L\u00f3pez, Coordinadora de Convivencia Escolar [&hellip;]"}