{"version":"1.0","provider_name":"CPV Providencia","provider_url":"https:\/\/cpvprovidencia.cl\/en","title":"Comit\u00e9 de Convivencia Escolar - CPV Providencia","type":"rich","width":600,"height":338,"html":"<blockquote class=\"wp-embedded-content\" data-secret=\"KAP6TJufj0\"><a href=\"https:\/\/cpvprovidencia.cl\/en\/comite-de-convivencia-escolar\/\">Comit\u00e9 de Convivencia Escolar<\/a><\/blockquote><iframe sandbox=\"allow-scripts\" security=\"restricted\" src=\"https:\/\/cpvprovidencia.cl\/en\/comite-de-convivencia-escolar\/embed\/#?secret=KAP6TJufj0\" width=\"600\" height=\"338\" title=\"&#8220;Comit\u00e9 de Convivencia Escolar&#8221; &#8212; CPV Providencia\" data-secret=\"KAP6TJufj0\" frameborder=\"0\" marginwidth=\"0\" marginheight=\"0\" scrolling=\"no\" class=\"wp-embedded-content\"><\/iframe><script>\n\/*! This file is auto-generated *\/\n!function(d,l){\"use strict\";l.querySelector&&d.addEventListener&&\"undefined\"!=typeof URL&&(d.wp=d.wp||{},d.wp.receiveEmbedMessage||(d.wp.receiveEmbedMessage=function(e){var t=e.data;if((t||t.secret||t.message||t.value)&&!\/[^a-zA-Z0-9]\/.test(t.secret)){for(var s,r,n,a=l.querySelectorAll('iframe[data-secret=\"'+t.secret+'\"]'),o=l.querySelectorAll('blockquote[data-secret=\"'+t.secret+'\"]'),c=new RegExp(\"^https?:$\",\"i\"),i=0;i<o.length;i++)o[i].style.display=\"none\";for(i=0;i<a.length;i++)s=a[i],e.source===s.contentWindow&&(s.removeAttribute(\"style\"),\"height\"===t.message?(1e3<(r=parseInt(t.value,10))?r=1e3:~~r<200&&(r=200),s.height=r):\"link\"===t.message&&(r=new URL(s.getAttribute(\"src\")),n=new URL(t.value),c.test(n.protocol))&&n.host===r.host&&l.activeElement===s&&(d.top.location.href=t.value))}},d.addEventListener(\"message\",d.wp.receiveEmbedMessage,!1),l.addEventListener(\"DOMContentLoaded\",function(){for(var e,t,s=l.querySelectorAll(\"iframe.wp-embedded-content\"),r=0;r<s.length;r++)(t=(e=s[r]).getAttribute(\"data-secret\"))||(t=Math.random().toString(36).substring(2,12),e.src+=\"#?secret=\"+t,e.setAttribute(\"data-secret\",t)),e.contentWindow.postMessage({message:\"ready\",secret:t},\"*\")},!1)))}(window,document);\n\/\/# sourceURL=https:\/\/cpvprovidencia.cl\/wp-includes\/js\/wp-embed.min.js\n<\/script>","thumbnail_url":"https:\/\/cpvprovidencia.cl\/wp-content\/uploads\/2024\/05\/8.-COMITE-DE-CONVIVENCIA.png","thumbnail_width":1280,"thumbnail_height":1280,"description":"El Comit\u00e9 de Convivencia tuvo su primera reuni\u00f3n del a\u00f1o el jueves 18 de abril, en donde cada integrante conoci\u00f3 en profundidad los protocolos de convivencia, las acciones de resgurado, las derivaciones a instituciones, las definiciones ante denuncia de maltrato entre pares, etc. Este a\u00f1o, los representantes de cada \u00e1rea y ciclo son: Maria Teresa [&hellip;]"}