{"version":"1.0","provider_name":"CPV Providencia","provider_url":"https:\/\/cpvprovidencia.cl\/en","title":"Jornada de vacunaci\u00f3n 1\u00b0, 4\u00b0 y 8\u00b0 b\u00e1sico - CPV Providencia","type":"rich","width":600,"height":338,"html":"<blockquote class=\"wp-embedded-content\" data-secret=\"sQvWcwlzLT\"><a href=\"https:\/\/cpvprovidencia.cl\/en\/jornada-de-vacunacion-1-4-y-8-basico\/\">Jornada de vacunaci\u00f3n 1\u00b0, 4\u00b0 y 8\u00b0 b\u00e1sico<\/a><\/blockquote><iframe sandbox=\"allow-scripts\" security=\"restricted\" src=\"https:\/\/cpvprovidencia.cl\/en\/jornada-de-vacunacion-1-4-y-8-basico\/embed\/#?secret=sQvWcwlzLT\" width=\"600\" height=\"338\" title=\"&#8220;Jornada de vacunaci\u00f3n 1\u00b0, 4\u00b0 y 8\u00b0 b\u00e1sico&#8221; &#8212; CPV Providencia\" data-secret=\"sQvWcwlzLT\" frameborder=\"0\" marginwidth=\"0\" marginheight=\"0\" scrolling=\"no\" class=\"wp-embedded-content\"><\/iframe><script>\n\/*! This file is auto-generated *\/\n!function(d,l){\"use strict\";l.querySelector&&d.addEventListener&&\"undefined\"!=typeof URL&&(d.wp=d.wp||{},d.wp.receiveEmbedMessage||(d.wp.receiveEmbedMessage=function(e){var t=e.data;if((t||t.secret||t.message||t.value)&&!\/[^a-zA-Z0-9]\/.test(t.secret)){for(var s,r,n,a=l.querySelectorAll('iframe[data-secret=\"'+t.secret+'\"]'),o=l.querySelectorAll('blockquote[data-secret=\"'+t.secret+'\"]'),c=new RegExp(\"^https?:$\",\"i\"),i=0;i<o.length;i++)o[i].style.display=\"none\";for(i=0;i<a.length;i++)s=a[i],e.source===s.contentWindow&&(s.removeAttribute(\"style\"),\"height\"===t.message?(1e3<(r=parseInt(t.value,10))?r=1e3:~~r<200&&(r=200),s.height=r):\"link\"===t.message&&(r=new URL(s.getAttribute(\"src\")),n=new URL(t.value),c.test(n.protocol))&&n.host===r.host&&l.activeElement===s&&(d.top.location.href=t.value))}},d.addEventListener(\"message\",d.wp.receiveEmbedMessage,!1),l.addEventListener(\"DOMContentLoaded\",function(){for(var e,t,s=l.querySelectorAll(\"iframe.wp-embedded-content\"),r=0;r<s.length;r++)(t=(e=s[r]).getAttribute(\"data-secret\"))||(t=Math.random().toString(36).substring(2,12),e.src+=\"#?secret=\"+t,e.setAttribute(\"data-secret\",t)),e.contentWindow.postMessage({message:\"ready\",secret:t},\"*\")},!1)))}(window,document);\n\/\/# sourceURL=https:\/\/cpvprovidencia.cl\/wp-includes\/js\/wp-embed.min.js\n<\/script>","thumbnail_url":"https:\/\/cpvprovidencia.cl\/wp-content\/uploads\/2025\/08\/197.-Jornada-de-vacunacion-1\u00b0-4\u00b0-y-8\u00b0-basico-min.jpg","thumbnail_width":800,"thumbnail_height":800,"description":"El jueves 21 de agosto se realiz\u00f3&nbsp; con \u00e9xito la jornada de vacunaci\u00f3n escolar obligatoria, dirigida a los estudiantes de 1\u00b0, 4\u00b0 y 8\u00b0 a\u00f1o b\u00e1sico, en el marco del Programa Nacional de Inmunizaciones. La actividad se desarroll\u00f3 en estrecha coordinaci\u00f3n con el Centro de Salud Familiar (CESFAM) El Aguilucho Durante la jornada, se aplicaron [&hellip;]"}