{"version":"1.0","provider_name":"CPV Providencia","provider_url":"https:\/\/cpvprovidencia.cl\/en","title":"Salida pedag\u00f3gica al Cerro San Crist\u00f3bal - CPV Providencia","type":"rich","width":600,"height":338,"html":"<blockquote class=\"wp-embedded-content\" data-secret=\"tTf3rT6dkw\"><a href=\"https:\/\/cpvprovidencia.cl\/en\/salida-pedagogica-al-cerro-san-cristobal\/\">Salida pedag\u00f3gica al Cerro San Crist\u00f3bal<\/a><\/blockquote><iframe sandbox=\"allow-scripts\" security=\"restricted\" src=\"https:\/\/cpvprovidencia.cl\/en\/salida-pedagogica-al-cerro-san-cristobal\/embed\/#?secret=tTf3rT6dkw\" width=\"600\" height=\"338\" title=\"&#8220;Salida pedag\u00f3gica al Cerro San Crist\u00f3bal&#8221; &#8212; CPV Providencia\" data-secret=\"tTf3rT6dkw\" frameborder=\"0\" marginwidth=\"0\" marginheight=\"0\" scrolling=\"no\" class=\"wp-embedded-content\"><\/iframe><script>\n\/*! This file is auto-generated *\/\n!function(d,l){\"use strict\";l.querySelector&&d.addEventListener&&\"undefined\"!=typeof URL&&(d.wp=d.wp||{},d.wp.receiveEmbedMessage||(d.wp.receiveEmbedMessage=function(e){var t=e.data;if((t||t.secret||t.message||t.value)&&!\/[^a-zA-Z0-9]\/.test(t.secret)){for(var s,r,n,a=l.querySelectorAll('iframe[data-secret=\"'+t.secret+'\"]'),o=l.querySelectorAll('blockquote[data-secret=\"'+t.secret+'\"]'),c=new RegExp(\"^https?:$\",\"i\"),i=0;i<o.length;i++)o[i].style.display=\"none\";for(i=0;i<a.length;i++)s=a[i],e.source===s.contentWindow&&(s.removeAttribute(\"style\"),\"height\"===t.message?(1e3<(r=parseInt(t.value,10))?r=1e3:~~r<200&&(r=200),s.height=r):\"link\"===t.message&&(r=new URL(s.getAttribute(\"src\")),n=new URL(t.value),c.test(n.protocol))&&n.host===r.host&&l.activeElement===s&&(d.top.location.href=t.value))}},d.addEventListener(\"message\",d.wp.receiveEmbedMessage,!1),l.addEventListener(\"DOMContentLoaded\",function(){for(var e,t,s=l.querySelectorAll(\"iframe.wp-embedded-content\"),r=0;r<s.length;r++)(t=(e=s[r]).getAttribute(\"data-secret\"))||(t=Math.random().toString(36).substring(2,12),e.src+=\"#?secret=\"+t,e.setAttribute(\"data-secret\",t)),e.contentWindow.postMessage({message:\"ready\",secret:t},\"*\")},!1)))}(window,document);\n\/\/# sourceURL=https:\/\/cpvprovidencia.cl\/wp-includes\/js\/wp-embed.min.js\n<\/script>","thumbnail_url":"https:\/\/cpvprovidencia.cl\/wp-content\/uploads\/2025\/10\/Salida-pedagogica-al-Cerro-San-Cristobal.webp","thumbnail_width":700,"thumbnail_height":540,"description":"Los estudiantes de IV\u00b0 medio del Plan Diferenciado de Ciencias del Ejercicio participaron de una salida pedag\u00f3gica al Cerro San Crist\u00f3bal, donde disfrutaron de una jornada marcada por la actividad f\u00edsica, el compa\u00f1erismo y la conexi\u00f3n con la naturaleza. El recorrido se inici\u00f3 en el acceso La Pir\u00e1mide, continuando por el Paseo Metropolitano y el [&hellip;]"}